{"version":"1.0","provider_name":"istanbulberlin","provider_url":"https:\/\/www.istanbulberlin.com\/en-de","author_name":"Sedef Ilgic","author_url":false,"title":"Se\u00e7il Epik: D\u00fcnyay\u0131 Elbirli\u011fiyle Kal\u0131c\u0131 Olarak Yava\u015flatabilmek - istanbulberlin","type":"rich","width":600,"height":338,"html":"<blockquote class=\"wp-embedded-content\" data-secret=\"gd4i0AA8Bb\"><a href=\"https:\/\/www.istanbulberlin.com\/en-de\/zamanin-icinden-covid-19-secil-epik\/\">Se\u00e7il Epik: Slowing Down the World Around<\/a><\/blockquote><iframe sandbox=\"allow-scripts\" security=\"restricted\" src=\"https:\/\/www.istanbulberlin.com\/en-de\/zamanin-icinden-covid-19-secil-epik\/embed\/#?secret=gd4i0AA8Bb\" width=\"600\" height=\"338\" title=\"&#8220;Se\u00e7il Epik: D\u00fcnyay\u0131 Elbirli\u011fiyle Kal\u0131c\u0131 Olarak Yava\u015flatabilmek&#8221; &#8212; istanbulberlin\" data-secret=\"gd4i0AA8Bb\" frameborder=\"0\" marginwidth=\"0\" marginheight=\"0\" scrolling=\"no\" class=\"wp-embedded-content\"><\/iframe><script type=\"text\/javascript\">\n\/* <![CDATA[ *\/\n\/*! This file is auto-generated *\/\n!function(d,l){\"use strict\";l.querySelector&&d.addEventListener&&\"undefined\"!=typeof URL&&(d.wp=d.wp||{},d.wp.receiveEmbedMessage||(d.wp.receiveEmbedMessage=function(e){var t=e.data;if((t||t.secret||t.message||t.value)&&!\/[^a-zA-Z0-9]\/.test(t.secret)){for(var s,r,n,a=l.querySelectorAll('iframe[data-secret=\"'+t.secret+'\"]'),o=l.querySelectorAll('blockquote[data-secret=\"'+t.secret+'\"]'),c=new RegExp(\"^https?:$\",\"i\"),i=0;i<o.length;i++)o[i].style.display=\"none\";for(i=0;i<a.length;i++)s=a[i],e.source===s.contentWindow&&(s.removeAttribute(\"style\"),\"height\"===t.message?(1e3<(r=parseInt(t.value,10))?r=1e3:~~r<200&&(r=200),s.height=r):\"link\"===t.message&&(r=new URL(s.getAttribute(\"src\")),n=new URL(t.value),c.test(n.protocol))&&n.host===r.host&&l.activeElement===s&&(d.top.location.href=t.value))}},d.addEventListener(\"message\",d.wp.receiveEmbedMessage,!1),l.addEventListener(\"DOMContentLoaded\",function(){for(var e,t,s=l.querySelectorAll(\"iframe.wp-embedded-content\"),r=0;r<s.length;r++)(t=(e=s[r]).getAttribute(\"data-secret\"))||(t=Math.random().toString(36).substring(2,12),e.src+=\"#?secret=\"+t,e.setAttribute(\"data-secret\",t)),e.contentWindow.postMessage({message:\"ready\",secret:t},\"*\")},!1)))}(window,document);\n\/\/# sourceURL=https:\/\/www.istanbulberlin.com\/wp-includes\/js\/wp-embed.min.js\n\/* ]]> *\/\n<\/script>","thumbnail_url":"https:\/\/www.istanbulberlin.com\/wp-content\/uploads\/2020\/05\/IB_ZI_SecilEpik_C.jpg","thumbnail_width":1100,"thumbnail_height":413,"description":"\u0130stanbul'da ya\u015fayan edit\u00f6r ve kitap ele\u015ftirmeni Se\u00e7il Epik pandeminin etkisi \u00fczerine \u00fc\u00e7 soruluk soru\u015fturmama kat\u0131ld\u0131. Se\u00e7il, \"ke\u015fke daha \u00e7ok ki\u015fi okusa,\" dedi\u011fi kitaplarla ilgili haftal\u0131k bir b\u00fclten g\u00f6nderiyor. B\u00fcltene buradan \u00fcye olabilirsiniz. Sahi bu aralar Epik Ne Okuyor?"}